{"id":43,"date":"2014-01-21T16:51:39","date_gmt":"2014-01-21T14:51:39","guid":{"rendered":"http:\/\/psychotherapie-rheingau.com\/?page_id=43"},"modified":"2025-10-07T13:56:33","modified_gmt":"2025-10-07T11:56:33","slug":"ausbildung-heilpraktiker-psychotherapie","status":"publish","type":"page","link":"http:\/\/psychotherapie-rheingau.com\/?page_id=43","title":{"rendered":"AUSBILDUNG ZUM HP PSYCHOTHERAPIE"},"content":{"rendered":"<h1 style=\"text-align: center;\"><span style=\"color: #800000;\"> <strong>Ausbildungs- &amp; Pr\u00fcfungstraining<br \/>\nHeilpraktiker-\/in Psychotherapie<\/strong><\/span><\/h1>\n<h2 style=\"text-align: center;\"><span style=\"color: #800000;\"><strong>Kursleitung:<\/strong><\/span><\/h2>\n<p style=\"text-align: center;\"><a href=\"http:\/\/psychotherapie-rheingau.com\/wp-content\/uploads\/2014\/01\/Image0012.jpg\"><img decoding=\"async\" loading=\"lazy\" class=\"aligncenter size-thumbnail wp-image-857\" src=\"http:\/\/psychotherapie-rheingau.com\/wp-content\/uploads\/2014\/01\/Image0012-150x150.jpg\" alt=\"Image0012\" width=\"150\" height=\"150\" \/><\/a><\/p>\n<p style=\"text-align: center;\"><strong>Anke Lassahn,<\/strong><br \/>\nHeilpraktikerin Psychotherapie (HeilPG),<br \/>\nSystemtherapeutin, Coach, Dozentin,<br \/>\nPsychologische Beraterin, Gespr\u00e4chstherapeutin<\/p>\n<p style=\"text-align: center;\">\n<h2 style=\"text-align: left;\"><span style=\"color: #800000;\"><strong>Kurs Ausbildung:<br \/>\n<\/strong><\/span><\/h2>\n<p style=\"text-align: left;\">Inkl. ausf\u00fchrlicher Kursunterlagen (Lernskript), gezielte Vorbereitung auf die schriftliche und m\u00fcndliche Pr\u00fcfung Heilpraktiker f\u00fcr Psychotherapie. Die Differentialdiagnostik, die den Bereich des Heilpraktikers von den \u00e4rztlichen Psychologen abtrennt, wird explizit unterrichtet, ebenso wie die einzelnen Therapieformen.<\/p>\n<h2 style=\"text-align: left;\"><span style=\"color: #800000;\"><strong>Unterrichtszeiten:<br \/>\n<\/strong><\/span>1 x monatlich\u00a0 4 Stunden, jeweils am 01. Samstag von 16.00 bis 20.00 Uhr<\/h2>\n<p style=\"text-align: left;\">(In den hessischen Ferien ist unterrichtsfrei)<\/p>\n<h2 style=\"text-align: left;\"><span style=\"color: #800000;\"><strong>Bitte beachten:<\/strong><\/span><\/h2>\n<p style=\"text-align: left;\">Die Zahl der Teilnehmerpl\u00e4tze f\u00fcr die Ausbildung \/ Pr\u00fcfung Heilpraktiker f\u00fcr Psychotherapie ist begrenzt, damit ein intensiver Unterricht stattfinden kann und somit immer gen\u00fcgend Zeit ist f\u00fcr Nachfragen und ausf\u00fchrliche Erkl\u00e4rungen.<br \/>\nDie Annahme erfolgt nach Eingang der Anmeldungen und nach einem pers\u00f6nlichen Vorgespr\u00e4ch.<\/p>\n<h2 style=\"text-align: left;\"><span style=\"color: #800000;\"><strong>Ausbildungsgeb\u00fchr:<\/strong><\/span><\/h2>\n<h4 style=\"text-align: left;\">Die Kosten betragen f\u00fcr die Ausbildung \/ Pr\u00fcfungsvorbereitung<br \/>\nzur Pr\u00fcfung Heilpraktiker f\u00fcr Psychotherapie <span style=\"text-decoration: underline; color: #800000;\"><strong>\u20ac 1.498,00 <\/strong><\/span>und sind vor Kursbeginn zu zahlen.<\/h4>\n<p style=\"text-align: left;\">Die Teilnahmegeb\u00fchr f\u00fcr die Pr\u00fcfung Heilpraktiker f\u00fcr Psychotherapie ist im Rahmen der Heilpraktiker Berufsausbildung von der Umsatzsteuer befreit.<\/p>\n<h2 style=\"text-align: left;\"><span style=\"color: #800000;\"><strong>Kursort : ONLINE\u00a0<\/strong><\/span><\/h2>\n<h4 style=\"text-align: left;\"><\/h4>\n<p style=\"text-align: left;\"><span style=\"color: #800000;\">Pr\u00fcfungsvorbereitung nach dem Heilpraktikergesetz (siehe Heilpraktikergesetz). <\/span><\/p>\n<p style=\"text-align: left;\"><span style=\"color: #800000;\">Vorbereitung auf die amts\u00e4rztliche Pr\u00fcfung nach dem Heilpraktikergesetz. <\/span><\/p>\n<p style=\"text-align: left;\"><strong><span style=\"color: #800000;\">W<\/span><span style=\"color: #800000;\">er bei einem Kollegen oder in einer anderen Ausbildungsst\u00e4tte die Ausbildung gemacht hat und\u00a0 kurz vor der Pr\u00fcfung steht, kann gerne in der Gruppe die Pr\u00fcfungssimulationen mit trainieren. <\/span><\/strong><\/p>\n<p style=\"text-align: left;\"><strong><span style=\"color: #800000;\">Die schriftliche und m\u00fcndliche Pr\u00fcfung wird explizit ausgearbeitet. Der Unkostenbeitrag bel\u00e4uft sich auf <span style=\"text-decoration: underline;\">\u20ac 120,00<\/span> und die Gruppe ist auf maximal 8 Personen begrenzt.<\/span><\/strong><\/p>\n<p style=\"text-align: left;\"><strong><span style=\"color: #800000;\">Anmeldung bitte \u00fcber E-Mail oder telefonisch. Nach Eingang der Zahlung ist die Anmeldung verbindlich.<\/span><\/strong><\/p>\n<h2 style=\"text-align: left;\">________________________________________________________________________________<\/h2>\n<h3 style=\"text-align: left;\">\u00a0<span style=\"color: #800000;\"><em><strong>Heilpraktiker\/in f\u00fcr Psychotherapie<\/strong><\/em><\/span><\/h3>\n<p style=\"text-align: left;\">Der Pr\u00fcfungsvorbereitungskurs \/ Ausbildungskurs Heilpraktiker f\u00fcr Psychotherapie bietet Ihnen die M\u00f6glichkeit, Ihre Heilerlaubnis zum Heilpraktiker f\u00fcr Psychotherapie, zu erlangen.<\/p>\n<h4 style=\"text-align: left;\"><span style=\"color: #800000;\"><strong>Voraussetzungen zur Pr\u00fcfungszulassung:<\/strong><\/span><\/h4>\n<h4 style=\"text-align: left;\"><span style=\"color: #800000;\"><strong> &#8211; Vollendetes 25. Lebensjahr<\/strong><\/span><br \/>\n<span style=\"color: #800000;\"> <strong> &#8211; Nachweis eines Schulabschlusses<\/strong><\/span><br \/>\n<span style=\"color: #800000;\"> <strong> (mindestens Hauptschulabschluss)<\/strong><\/span><br \/>\n<span style=\"color: #800000;\"> <strong> &#8211; Gesundheitliche Eignung \/ Gesundheitszeugnis<\/strong><\/span><br \/>\n<span style=\"color: #800000;\"> <strong> (seelisch, geistig und k\u00f6rperlich)<\/strong><\/span><br \/>\n<span style=\"color: #800000;\"> <strong> &#8211; Einwandfreies polizeiliches F\u00fchrungszeugnis<\/strong><\/span><br \/>\n<span style=\"color: #800000;\"> <strong> &#8211; Die deutsche Sprache in Wort und Schrift<\/strong><\/span><\/h4>\n<p style=\"text-align: left;\"><span style=\"color: #800000;\">\u00a0<\/span><\/p>\n<h3 style=\"text-align: left;\"><span style=\"color: #800000;\"><em><strong>Ausbildung zum Heilpraktiker Psychotherapie:<\/strong><\/em><\/span><\/h3>\n<p style=\"text-align: left;\">Sie erhalten ein klar strukturiertes Lernskript mit allen <strong>pr\u00fcfungsrelevanten Themen<\/strong> und Lerninhalten und haben die M\u00f6glichkeit, gezielt und systematisch Ihr f\u00fcr die \u00dcberpr\u00fcfung n\u00f6tiges Wissen mit meiner Hilfe aufzubauen. Der Vorbereitungskurs Heilpraktiker f\u00fcr Psychotherapie ist auch <strong>ohne medizinische Vorkenntnisse<\/strong> in den 6 Monaten Unterricht gut zu schaffen. Ich stehe gerne f\u00fcr Nachfragen zur Verf\u00fcgung und helfe weiter.<\/p>\n<p><span style=\"color: #800000;\"><em><strong>Unter anderen werden folgende Inhalte im Rahmen der Ausbildung Heilpraktiker Psychotherapie vermittelt:<\/strong><\/em><\/span><\/p>\n<p><strong>\u2022 Elementarfunktionen der Psyche (wesentliches Grundwissen!)<\/strong><br \/>\n<strong> \u2022 Allgemeine Psychopathologie<\/strong><br \/>\n<strong> \u2022 ICH-Struktur &amp; ICH-Entwicklung (Freud)<\/strong><br \/>\n<strong> \u2022 Pers\u00f6nlichkeitsst\u00f6rungen &amp; Borderline-St\u00f6rungen<\/strong><br \/>\n<strong> \u2022 Neurotische St\u00f6rungen<\/strong><br \/>\n<strong> \u2022 Manie und manische Episoden &#8211; bipolare St\u00f6rungen \u2013<\/strong><br \/>\n<strong> \u2022 Psychotische St\u00f6rungen im schizophrenen Formenkreis<\/strong><br \/>\n<strong> \u2022 schizoaffektive St\u00f6rungen &#8211; schizophrene und wahnhafte Psychosen<\/strong><br \/>\n<strong> \u2022 Reaktions- &amp; Belastungsst\u00f6rungen &amp; Burn Out<\/strong><br \/>\n<strong> \u2022 Psychosomatik &amp; Somatoforme St\u00f6rungen<\/strong><br \/>\n<strong> \u2022 Affektive St\u00f6rungen<\/strong><br \/>\n<strong> \u2022 Exogene Psychosen \/ Endogene Psychosen<\/strong><br \/>\n<strong> \u2022 Krankheiten bei Kindern &amp; Jugendlichen<\/strong><br \/>\n<strong> \u2022 Suchterkrankungen<\/strong><br \/>\n<strong> \u2022 Suizid<\/strong><br \/>\n<strong> \u2022 ICD 10-Struktur<\/strong><br \/>\n<strong> \u2022 Diagnose &amp; psychopathologischer Befund<\/strong><br \/>\n<strong> \u2022 Psychotherapien \/ Gespr\u00e4chstherapie nach Rogers, Systemtherapie,<\/strong><br \/>\n<strong>\u00a0\u00a0 Verhaltenstherapien, etc.<\/strong><br \/>\n<strong> \u2022 Pharmakologie<\/strong><br \/>\n<strong> \u2022 Berufs- &amp; Gesetzeskunde \/ Heilpraktikergesetz<\/strong><br \/>\n<strong> \u2022 Krisenintervention<\/strong><\/p>\n<p>Es sind Filmabende mit anschlie\u00dfender Diskussionsrunde zur Vertiefung des gelernten Materials geplant.<\/p>\n<p><span style=\"color: #800000;\"><strong>Die schriftlichen Pr\u00fcfungen der letzten Jahre werden systematisch erarbeitet und gel\u00f6st.<\/strong> <\/span>Ebenso wird die Pr\u00fcfungssituation der m\u00fcndlichen Pr\u00fcfung nachgestellt und mit entsprechenden fundierten Fragen simuliert.<\/p>\n<p><strong>Kursinhalt und Material<\/strong><\/p>\n<ul>\n<li>Beratung zum Anmeldeverfahren beim Gesundheitsamt<\/li>\n<li>Klar strukturierte Schulungsunterlagen \/ wichtige Literatur- und Filmhinweise<\/li>\n<li>Bearbeitung und Darlegung\u00a0der erforderlichen Lerninhalte auch visuell<\/li>\n<li>Tests\u00a0zur schriftlichen \u00dcberpr\u00fcfung in allen Themenbereichen mit ausf\u00fchrlicher Besprechung der Antworten<\/li>\n<li>Eingrenzung des Lernstoffes im Hinblick auf die Pr\u00fcfungsrelevanz<\/li>\n<li>Lerntipps\u00a0inklusive systematischer Vorbereitung zur m\u00fcndlichen \u00dcberpr\u00fcfung<\/li>\n<\/ul>\n<p>Der schriftliche Teil der \u00dcberpr\u00fcfung zum Heilpraktiker f\u00fcr Psychotherapie erfolgt bei den meisten Gesundheits\u00e4mtern einheitlich jeweils am 3. Mittwoch im M\u00e4rz und am 2. Mittwoch im Oktober eines jeden Jahres.<\/p>\n<p>Es werden 28 Fragen gestellt, die im Multiple-Choice-Verfahren zu beantworten sind. Eine Frage gilt nur dann als richtig beantwortet, wenn alle richtigen Antwortm\u00f6glichkeiten angekreuzt worden sind. Um diesen Teil der \u00dcberpr\u00fcfung zu bestehen, m\u00fcssen 21 Fragen richtig und vollst\u00e4ndig beantwortet werden. Hierf\u00fcr stehen 55 Minuten Zeit zur Verf\u00fcgung. Die Bewerber werden in die Gruppen A und B eingeteilt. Beide Gruppen erhalten dieselben Fragen, allerdings in unterschiedlicher Reihenfolge.<\/p>\n<p><span style=\"color: #800000;\"><strong>&#8220;Eine unserer wichtigsten Funktionen im Gesundheitsbereich besteht darin, psychotherapeutische Ansprechpartner bei ersten Anzeichen von St\u00f6rungen zu sein.<\/strong><\/span><\/p>\n<p><span style=\"color: #800000;\"> <strong> Heilpraktiker begegnen sehr oft Leiden, die noch keinen Krankheitswert im Sinne der Klassifikationssysteme haben, die aber sehr wohl einer Behandlung oder zumindest einer fachlichen Hilfe bed\u00fcrfen.<\/strong><\/span><\/p>\n<p><span style=\"color: #800000;\"><strong> Die Aus\u00fcbung der Heilkunde gilt der \u201aVolksgesundheit\u201b (vgl. Heilpraktikergesetz),<br \/>\nnicht den schweren neurologischen oder psychotischen Erkrankungen.<\/strong><\/span><br \/>\n<span style=\"color: #800000;\"> <strong> Auf psychiatrischen und psychotherapeutischen Gebiet sind diese schweren Erkrankungen klassisch als exogene (k\u00f6rperlich begr\u00fcndete) und endogene (schwere Geisteserkrankungen) definiert.<\/strong><\/span><\/p>\n<p><span style=\"color: #800000;\"><strong> Als Heilpraktiker ist es gleichwohl n\u00f6tig, die exogenen und endogenen Krankheiten zu erkennen, um diese nicht f\u00e4lschlich zu behandeln, sondern an Fachkr\u00e4fte (Facharzt f\u00fcr Neurologie bzw. Facharzt f\u00fcr Psychiatrie) weiter zu verweisen.<\/strong><\/span><br \/>\n<span style=\"color: #800000;\"> <strong> Hierzu hat sich jeder k\u00fcnftige Heilpraktiker der die Psychotherapie aus\u00fcben will, vor der Aufnahme einer Praxist\u00e4tigkeit, einer schriftlichen und m\u00fcndlichen amts\u00e4rztlichen Pr\u00fcfung zu stellen.&#8221;<\/strong><\/span><\/p>\n<h2><span style=\"color: #800000;\"><em><strong>Heilpraktiker\/in f\u00fcr Psychotherapie<\/strong><\/em><\/span><\/h2>\n<p>Ist ein anspruchsvoller und vielseitiger Beruf mit Zukunft und mit einem hohen Ma\u00df an Verantwortung. Immer mehr Menschen sind dem Druck von Au\u00dfen, der privat, beruflich oder gesellschaftlich belastet, nicht mehr gewachsen.<br \/>\nDepressionen, Angsterkrankungen, psychische und psychosomatische St\u00f6rungen sind oft die Folge.<\/p>\n<p>Diese Menschen brauchen psychotherapeutische Hilfe, deren Beruf ihre Berufung ist. Lernen Sie, Menschen mit seelischen und psychischen Problemen zu helfen in einem Beruf, der Sie erf\u00fcllen wird: als Heilpraktiker\/in f\u00fcr Psychotherapie.<\/p>\n<h2><span style=\"color: #800000;\"><em><strong>Erfolgreich in der therapeutischen Praxis<\/strong><\/em><\/span><\/h2>\n<p>Lassen Sie sich\u00a0 mit Ihrer eigenen psychotherapeutischen Praxis nieder. Nutzen Sie diese Ausbildung als fundierte, Ihr Angebot erweiternde Zusatzqualifikation, wenn Sie bereits im Gesundheitswesen t\u00e4tig sind: Zum Beispiel als Heilpraktiker\/in, Ergotherapeut\/in, Physiotherapeut\/in, in der Logop\u00e4die, Pflege oder Sozialarbeit, haupt- oder auch nebenberuflich.<\/p>\n<h2><span style=\"color: #808000;\"><strong><span style=\"color: #800000;\"><em>Mit Wissen und K\u00f6nnen Patienten helfen<\/em><\/span><br \/>\n<\/strong><\/span><\/h2>\n<p>Der Ausbildungskurs\/Pr\u00fcfungsvorbereitung Psychotherapie vermittelt Ihnen umfassend das Wissen, die Kenntnisse und F\u00e4higkeiten f\u00fcr die<strong> amts\u00e4rztliche Pr\u00fcfung<\/strong> und <strong>Zulassung<\/strong> f\u00fcr eine psychotherapeutische T\u00e4tigkeit.<em><strong><br \/>\n<\/strong><\/em><\/p>\n<h2><span style=\"color: #800000;\"><strong><em>Idealer Einstieg<\/em> <\/strong><\/span><\/h2>\n<p>Um mit der therapeutischen Arbeit verantwortungsbewusst in das Leben anderer Menschen eingreifen zu k\u00f6nnen, gilt als Grundvoraussetzung f\u00fcr eine Therapie- und Praxiszulassung die Qualifizierung in einer eingehenden amts\u00e4rztlichen Pr\u00fcfung.<\/p>\n<p>Dazu m\u00fcssen Sie kein Akademiker sein: Der Ausbildungskurs\/Pr\u00fcfungsvorbereitung Psychotherapie umfasst alle <strong>pr\u00fcfungsrelevanten Inhalte und Themen<\/strong> und bringt Sie bei <strong>gr\u00fcndlichem<\/strong> Studium auf einen Wissensstand, der klar <span style=\"text-decoration: underline;\"><strong>\u00fcber<\/strong><\/span> den Mindestzielen der amts\u00e4rztlichen Pr\u00fcfung liegen wird.<\/p>\n<p>Allerdings weise ich darauf hin, dass es in der Eigenverantwortung jedes Sch\u00fclers liegt, s\u00e4mtliche pr\u00fcfungsrelevante Themen selbst weiter zu erarbeiten&#8230;<\/p>\n<h2><span style=\"color: #800000;\"><em><strong>Bereit f\u00fcr einen verantwortungsvollen Beruf<\/strong><\/em><\/span><\/h2>\n<h4>Die erforderlichen Kenntnisse zum Bestehen der amts\u00e4rztlichen Pr\u00fcfung vermittele ich Ihnen fundiert mit vielen konkreten Fallbeispielen. Der Kurs orientiert sich\u00a0 an der internationalen Klassifikation psychischer St\u00f6rungen der WHO <span style=\"text-decoration: underline;\"><strong>(ICD-10)<\/strong><\/span>, nach der sich auch die \u00e4rztlichen Pr\u00fcfer richten. Besondere Vorkenntnisse sind f\u00fcr den Lehrgang nicht erforderlich, aber ein gutes Grundwissen in den Bereichen der Allgemeinen Psychologie und der psychologischen Lebensberatung ist von Nutzen.<\/h4>\n<h2><span style=\"color: #800000;\"><em><strong>Sind suchen nach einer neuen beruflichen Perspektive?<\/strong><\/em><\/span><\/h2>\n<h2>Die Rechtslage in Deutschland erm\u00f6glicht ein berufliches Engagement in der Freien Psychotherapie in verschiedenen Abstufungen.<\/h2>\n<p>Der Psychologische Berater bietet Lebenshilfe und -beratung in sozialen Konflikten, zur Pers\u00f6nlichkeitsentwicklung, Krisenbew\u00e4ltigung etc.. Hierzu ist keine staatliche Zulassung vorgeschrieben. Wer hingegen sein Arbeitsfeld auch auf die Behandlung von Kranken mit psychotherapeutischen Methoden ausdehnen will, braucht dazu eine Erlaubnis nach dem Heilpraktikergesetz HPG. Man f\u00fchrt dann die Berufsbezeichnung \u201e<strong>Heilpraktiker\/in f\u00fcr Psychotherapie<\/strong>\u201c.<\/p>\n<p>Das Heilpraktikergesetz gibt Ihnen die M\u00f6glichkeit, ohne einen Universit\u00e4tsabschluss im Bereich der Psychotherapie t\u00e4tig zu werden. Mit der staatlichen Heilerlaubnis sind Sie dazu berechtigt, eine Praxis f\u00fcr Psychotherapie zu f\u00fchren und Sie k\u00f6nnen mit allen <span style=\"text-decoration: underline;\">anerkannten<\/span> psychotherapeutischen Therapiemethoden arbeiten.<\/p>\n<p>Um die Heilerlaubnis zur Aus\u00fcbung der Psychotherapie nach dem Heilpraktikergesetz zu erlangen, wird eine amts\u00e4rztliche \u00dcberpr\u00fcfung vorgenommen. Diese findet zweimal j\u00e4hrlich statt (in der Regel am dritten Mittwoch im M\u00e4rz und am zweiten Mittwoch im Oktober).<\/p>\n<p>Die amts\u00e4rztliche \u00dcberpr\u00fcfung besteht jeweils aus einem schriftlichen und einem m\u00fcndlichen Teil. Aufgrund des mittlerweile sehr hohen Pr\u00fcfungsniveaus im Bereich der Ausbildung Heilpraktiker Psychotherapie ist eine fundierte Vorbereitung unerl\u00e4sslich. Sie werden gezielt und systematisch auf die schriftliche und m\u00fcndliche amts\u00e4rztliche \u00dcberpr\u00fcfung vorbereitet.<\/p>\n<h1><b><span style=\"font-family: Verdana; font-size: medium;\">Heilpraktikerausbildung Psychotherapie <\/span><\/b><\/h1>\n<p>Die Heilpraktiker Psychotherapie Ausbildung ist ein Kurs zur Vorbereitung auf die amts\u00e4rztliche Pr\u00fcfung beim Gesundheitsamt, um als Heilpraktiker f\u00fcr Psychotherapie, die staatliche Zulassung zu erhalten. In Deutschland ist nur drei Berufsgruppen die selbst\u00e4ndige Aus\u00fcbung von Psychotherapie erlaubt.<\/p>\n<ul>\n<li>\u00c4rzten<\/li>\n<li>Psychologischen Psychotherapeuten<\/li>\n<li>Heilpraktikern f\u00fcr Psychotherapie<\/li>\n<\/ul>\n<p>\u00c4rzte sowie Diplom Psychologen m\u00fcssen zus\u00e4tzlich zum Studium eine psychotherapeutische Ausbildungen in einem anerkannten Psychotherapieverfahren absolvieren, um eine Approbation und auch Kassenzulassung f\u00fcr Psychotherapie erhalten zu k\u00f6nnen. Der Heilpraktiker Psychotherapie kann nur privat abrechnen sowie im Einzelfall mit Privatkassen.<\/p>\n<h2><span style=\"font-size: small;\">Heilpraktiker Psychotherapie Pr\u00fcfung und Zulassung<\/span><\/h2>\n<p>Die staatliche Zulassung zur Aus\u00fcbung der Psychotherapie ist unbedingte Voraussetzung f\u00fcr jede psychotherapeutische T\u00e4tigkeit.<br \/>\nRelativ unabh\u00e4ngig von der bisherigen beruflichen Ausbildung kann die Zulassung erworben werden, indem eine \u00dcberpr\u00fcfungen beim Gesundheitsamt absolviert wird.<\/p>\n<p>Eine Ausbildung als <strong>Heilpraktiker<\/strong> an einer Heilpraktikerschule ist f\u00fcr die Zulassung zur Pr\u00fcfung unerheblich. Das Psychotherapiewissen bez\u00fcglich Psychopathologie und Diagnostik, das in der Pr\u00fcfung beim Gesundheitsamt \u00fcberpr\u00fcft wird, kann in dem Pr\u00fcfungsvorbereitungskurs erworben werden.<\/p>\n<div class=\"texteditor\">\n<div id=\"colr670\">\n<div id=\"colrcon\" class=\"clear\">\n<h1>Heilpraktiker\u00fcberpr\u00fcfung Psychotherapie in Hessen<\/h1>\n<h2>Anmeldung:<\/h2>\n<p>Die Anmeldung erfolgt beim zust\u00e4ndigen Ordnungsamt.<\/p>\n<\/div>\n<div id=\"clearie\">\n<h2>M\u00fcndliche \u00dcberpr\u00fcfung zur Erteilung der \u201eErlaubnis zur Aus\u00fcbung auf dem Gebiet der Psychologie und\/oder Psychotherapie\u201c beim Gesundheitsamt<\/h2>\n<p>Die Erlaubnis zur Aus\u00fcbung der Heilkunde wird auf Antrag erteilt. \u00dcber den Antrag entscheidet nach \u00a7 1 Abs. 1 HPG in Verbindung mit \u00a7 3 Abs. 1 der Ersten Durchf\u00fchrungsverordnung zum Heilpraktikergesetz (1. DVO-HPG) vom 18.02.1939 (RGBl. I S. 259), zuletzt ge\u00e4ndert durch Beschluss des Bundesverfassungsgerichts vom 10.05.1988 (BGBl. I S. 1587), die untere Verwaltungsbeh\u00f6rde im Benehmen mit dem Gesundheitsamt. Im Rahmen des Verwaltungsverfahrens zur Erteilung einer Erlaubnis gelten die Bestimmungen des Hessischen Datenschutzgesetzes vom 11.11.1986 (GVBl. I S. 309), zuletzt ge\u00e4ndert durch Gesetz vom 21.12.1994 (GVBl. I S. 817). Dem Antrag sind folgende Unterlagen beizuf\u00fcgen:<\/p>\n<ul>\n<li>ein Lebenslauf,<\/li>\n<li>eine Geburtsurkunde oder ein Geburtsschein, bei Namens\u00e4nderung eine entsprechende Urkunde,<\/li>\n<li>ein amtliches F\u00fchrungszeugnis, das nicht fr\u00fcher als drei Monate vor der Vorlage ausgestellt sein darf,<\/li>\n<li>eine Erkl\u00e4rung dar\u00fcber, ob gegen die antragstellende Person ein gerichtliches Strafverfahren oder ein staatsanwaltliches Ermittlungsverfahren anh\u00e4ngig ist,<\/li>\n<li>eine \u00e4rztliche Bescheinigung, die nicht fr\u00fcher als drei Monate vor der Vorlage ausgestellt sein darf, wonach keine Anhaltspunkte daf\u00fcr vorliegen, dass der antragstellenden Person wegen eines k\u00f6rperlichen Leidens oder wegen Schw\u00e4che der geistigen oder k\u00f6rperlichen Kr\u00e4fte oder wegen einer Sucht,<\/li>\n<li>die f\u00fcr die Aus\u00fcbung des Berufs als Heilpraktikerin oder Heilpraktiker erforderliche Eignung fehlt,<\/li>\n<li>ein Nachweis dar\u00fcber, dass die antragstellende Person mindestens die Hauptschule abgeschlossen hat.<\/li>\n<\/ul>\n<p>4. \u00d6rtlich zust\u00e4ndig f\u00fcr die Erteilung der Erlaubnis zur Aus\u00fcbung der Heilkunde ist grunds\u00e4tzlich die Beh\u00f6rde, in deren Bezirk die antragstellende Person ihren Wohnsitz (Hauptwohnung im Sinne des Melderechts) oder dauernden Aufenthalt hat. Ausnahmsweise wird die Zust\u00e4ndigkeit durch die ernsthafte Niederlassungsabsicht begr\u00fcndet, wenn im Geltungsbereich des Heilpraktikergesetzes weder ein Wohnsitz noch ein dauernder Aufenthalt besteht. \u00a7 3 Abs. 1 Nr. 2 des Hessischen Verwaltungsverfahrensgesetzes findet keine Anwendung, da die Erlaubniserteilung mit einer \u00dcberpr\u00fcfung der Kenntnisse und F\u00e4higkeiten der antragstellenden Person verbunden ist.<\/p>\n<\/div>\n<\/div>\n<\/div>\n<div class=\"texteditor\">\n<h2><strong>Pr\u00fcfungsorte:<\/strong><\/h2>\n<\/div>\n<div class=\"row-fluid\">\n<div class=\"span12\">\n<div class=\"articlelist_item \">\n<div class=\"texteditor\">\n<p><strong>Gesundheitsamt Darmstadt<\/strong><\/p>\n<p>Frau Nickl, 06151-3309-24<\/p>\n<p>Niersteiner Str. 3<br \/>\n64295 Darmstadt<br \/>\nMo. &#8211; Do. 8.00 &#8211; 12.00<br \/>\nMi. &#8211; 14.00 &#8211; 17.00<br \/>\nFr. 8.00 &#8211; 12.00<\/p>\n<p>Anmeldung erfolgt \u00fcber das Ordnungsamt (Frau Neumann 06071-8811264)<\/p>\n<\/div>\n<\/div>\n<\/div>\n<\/div>\n<div class=\"row-fluid\">\n<div class=\"span12\">\n<div class=\"articlelist_item \">\n<div class=\"texteditor\">\n<p><strong>Gesundheitsamt Gro\u00df-Gerau<\/strong><\/p>\n<p>Wilhelm-Seipp-Str. 4<br \/>\n64521 Gro\u00df-Gerau<br \/>\nMo. &#8211; Do. 8.00 &#8211; 12.00<br \/>\nFr. 8.00 &#8211; 11.00<\/p>\n<\/div>\n<\/div>\n<\/div>\n<\/div>\n<div class=\"row-fluid\">\n<div class=\"span12\">\n<div class=\"articlelist_item \">\n<div class=\"texteditor\">\n<p><strong>Amt f\u00fcr Gesundheit Frankfurt<\/strong><\/p>\n<p>Breite Gasse 28<br \/>\n60313 Frankfurt am Main<\/p>\n<\/div>\n<\/div>\n<\/div>\n<\/div>\n<div class=\"row-fluid\">\n<div class=\"span12\">\n<div class=\"articlelist_item \">\n<div class=\"texteditor\">\n<p><strong>Gesundheitsamt Hanau<\/strong><\/p>\n<p>Eugen-Kaiser-Str. 9<br \/>\n63450 Hanau<br \/>\nMo. &#8211; Do. 8.00 &#8211; 12.00<br \/>\nMi. &#8211; 14.00 &#8211; 17.00<br \/>\nFr. 8.00 &#8211; 12.00<\/p>\n<\/div>\n<\/div>\n<\/div>\n<\/div>\n<div class=\"row-fluid\">\n<div class=\"span12\">\n<div class=\"articlelist_item \">\n<div class=\"texteditor\">\n<p><strong>Gesundheitsamt Heppenheim<\/strong><\/p>\n<p>Karl-Marx-Str. 8<br \/>\n64646 Heppenheim<br \/>\nMo. &#8211; Do. 8.00 &#8211; 11.45<br \/>\nMi. &#8211; 14.00 &#8211; 17.00<br \/>\nFr. 8.00 &#8211; 12.00<\/p>\n<\/div>\n<\/div>\n<\/div>\n<\/div>\n<div class=\"row-fluid\">\n<div class=\"span12\">\n<div class=\"articlelist_item \">\n<div class=\"texteditor\">\n<p><strong>Gesundheitsamt Kassel<\/strong><\/p>\n<p>Obere K\u00f6nigstr. 3<br \/>\n34117 Kassel<br \/>\nFrau Wild Tel. 0561-787-5367, Fax. 787-5233<br \/>\nAmtsarzt Dr. Schimmelpfennig, Tel. 0561-787-5380<\/p>\n<\/div>\n<\/div>\n<\/div>\n<\/div>\n<div class=\"row-fluid\">\n<div class=\"span12\">\n<div class=\"articlelist_item \">\n<div class=\"texteditor\">\n<p><strong>Gesundheitsamt Hofheim<\/strong><\/p>\n<p>Am Kreishaus 1-5<br \/>\n65719 Hofheim<br \/>\nMo. &#8211; Do. 8.00 &#8211; 12.00<br \/>\nFr. 8.00 &#8211; 11.00<\/p>\n<\/div>\n<\/div>\n<\/div>\n<\/div>\n<div class=\"row-fluid\">\n<div class=\"span12\">\n<div class=\"articlelist_item \">\n<div class=\"texteditor\">\n<p><strong>Gesundheitsamt Hersfeld-Rotenburg<\/strong><\/p>\n<p>Friedloser Str. 12<br \/>\n36251 Bad Hersfeld<br \/>\nMo. &#8211; Fr. 8.00 &#8211; 12.00<\/p>\n<\/div>\n<\/div>\n<\/div>\n<\/div>\n<div class=\"row-fluid\">\n<div class=\"span12\">\n<div class=\"articlelist_item \">\n<div class=\"texteditor\">\n<p><strong>Gesundheitsamt Bad Hersfeld<\/strong><\/p>\n<p>Friedloser Str. 12<br \/>\n36251 Bad Hersfeld<br \/>\nMo. &#8211; Do. 8.00 &#8211; 12.00<br \/>\nMi. &#8211; 14.00 &#8211; 17.00<br \/>\nFr. 8.00 &#8211; 12.00<\/p>\n<\/div>\n<\/div>\n<\/div>\n<\/div>\n<div class=\"row-fluid\">\n<div class=\"span12\">\n<div class=\"articlelist_item \">\n<div class=\"texteditor\">\n<p><strong>Gesundheitsamt Bad Homburg<\/strong><\/p>\n<p>Ludwig-Erhard-Anlage 1-4<br \/>\n61352 Bad Homburg<br \/>\nMo. &#8211; Do. 8.00 &#8211; 11.45<br \/>\nMi. &#8211; 14.00 &#8211; 17.00<br \/>\nFr. 8.00 &#8211; 12.00<\/p>\n<\/div>\n<\/div>\n<\/div>\n<\/div>\n<div class=\"row-fluid\">\n<div class=\"span12\">\n<div class=\"articlelist_item \">\n<div class=\"texteditor\">\n<p><strong>Gesundheitsamt Bad Schwalbach<\/strong><\/p>\n<p>Heimbacher Str. 7<br \/>\n65307 Bad Schwalbach<br \/>\nMo. &#8211; Do. 8.00 &#8211; 12.00<br \/>\nMi. &#8211; 14.00 &#8211; 17.00<br \/>\nFr. 8.00 &#8211; 12.00<\/p>\n<\/div>\n<\/div>\n<\/div>\n<\/div>\n<div class=\"row-fluid\">\n<div class=\"span12\">\n<div class=\"articlelist_item \">\n<div class=\"texteditor\">\n<p><strong>Gesundheitsamt Homberg<\/strong><\/p>\n<p>Freiheiter Str. 29<br \/>\n34576 Homberg<br \/>\nMo. &#8211; Do. 8.00 &#8211; 12.00<br \/>\nMi. &#8211; 14.00 &#8211; 17.00<br \/>\nFr. 8.00 &#8211; 12.00<\/p>\n<\/div>\n<\/div>\n<\/div>\n<\/div>\n<div class=\"row-fluid\">\n<div class=\"span12\">\n<div class=\"articlelist_item \">\n<div class=\"texteditor\">\n<p><strong>Gesundheitsamt Wiesbaden<\/strong><\/p>\n<p>Dotzheimer Str. 38 &#8211; 40<br \/>\n65185 Wiesbaden<br \/>\nSachbearbeiter: Herr Mauer<br \/>\n\u00d6ffnungszeiten: nach telefonischer Vereinbarung<br \/>\nTel.: (06 11) 31-20 71<\/p>\n<\/div>\n<\/div>\n<\/div>\n<\/div>\n<div class=\"row-fluid\">\n<div class=\"span12\">\n<div class=\"articlelist_item \">\n<div class=\"texteditor\">\n<p><strong>Gesundheitsamt Korbach<\/strong><\/p>\n<p>Am Kniep 50<br \/>\n34497 Korbach<br \/>\nMo. &#8211; Do. 8.00 &#8211; 12.00<br \/>\nFr. 8.00 &#8211; 11.00<\/p>\n<\/div>\n<\/div>\n<\/div>\n<\/div>\n<div class=\"row-fluid\">\n<div class=\"span12\">\n<div class=\"articlelist_item \">\n<div class=\"texteditor\">\n<p><strong>Gesundheitsamt Bergstrasse<\/strong><\/p>\n<p>Karl-Marx-Str. 8<br \/>\n64646 Heppenheim<br \/>\nMo. &#8211; Fr. 8.00 &#8211; 12.00<\/p>\n<\/div>\n<\/div>\n<\/div>\n<\/div>\n<div class=\"row-fluid\">\n<div class=\"span12\">\n<div class=\"articlelist_item \">\n<div class=\"texteditor\">\n<p><strong>Gesundheitsamt Lauterbach<\/strong><\/p>\n<p>Bahnhofstr. 51<br \/>\n36341 Lauterbach<br \/>\nMo. &#8211; Do. 8.00 &#8211; 12.00<br \/>\nMi. &#8211; 14.00 &#8211; 17.00<br \/>\nFr. 8.00 &#8211; 12.00<\/p>\n<\/div>\n<\/div>\n<\/div>\n<\/div>\n<div class=\"row-fluid\">\n<div class=\"span12\">\n<div class=\"articlelist_item \">\n<div class=\"texteditor\">\n<p><strong>Gesundheitsamt Limburg-Weilburg<\/strong><\/p>\n<p>Saarlandstr. 2<br \/>\n65549 Limburg a. d. Lahn<br \/>\nMo. &#8211; Do. 8.00 &#8211; 11.45<br \/>\nMi. &#8211; 14.00 &#8211; 17.00<br \/>\nFr. 8.00 &#8211; 12.00<\/p>\n<\/div>\n<\/div>\n<\/div>\n<\/div>\n<div class=\"row-fluid\">\n<div class=\"span12\">\n<div class=\"articlelist_item \">\n<div class=\"texteditor\">\n<p><strong>Gesundheitsamt Dillenburg<\/strong><\/p>\n<p>Bismarckstr. 30<br \/>\n35683 Dillenburg<br \/>\nMo. &#8211; Do. 8.00 &#8211; 11.45<br \/>\nMi. &#8211; 14.00 &#8211; 17.00<br \/>\nFr. 8.00 &#8211; 12.00<\/p>\n<\/div>\n<\/div>\n<\/div>\n<\/div>\n<div class=\"row-fluid\">\n<div class=\"span12\">\n<div class=\"articlelist_item \">\n<div class=\"texteditor\">\n<p><strong>Gesundheitsamt Marburg-Biedenkopf<\/strong><\/p>\n<p>Schwanallee 23<br \/>\n35037 Marburg<br \/>\nMo. &#8211; Fr. 8.00 &#8211; 12.00<\/p>\n<\/div>\n<\/div>\n<\/div>\n<\/div>\n<div class=\"row-fluid\">\n<div class=\"span12\">\n<div class=\"articlelist_item \">\n<div class=\"texteditor\">\n<p><strong>Gesundheitsamt Erbach<\/strong><\/p>\n<p>Michelst\u00e4dter Str. 12<br \/>\n64711 Erbach<br \/>\nMo. &#8211; Fr. 8.00 &#8211; 12.00<\/p>\n<\/div>\n<\/div>\n<\/div>\n<\/div>\n<div class=\"row-fluid\">\n<div class=\"span12\">\n<div class=\"articlelist_item \">\n<div class=\"texteditor\">\n<p><strong>Gesundheitsamt Odenwaldkreis<\/strong><\/p>\n<p>Michelst\u00e4dter Str. 12<br \/>\n64711 Erbach<br \/>\nMo. &#8211; Do. 8.00 &#8211; 12.00<br \/>\nFr. 8.00 &#8211; 11.00<\/p>\n<\/div>\n<\/div>\n<\/div>\n<\/div>\n<div class=\"row-fluid\">\n<div class=\"span12\">\n<div class=\"articlelist_item \">\n<div class=\"texteditor\">\n<p><strong>Gesundheitsamt Eschwege<\/strong><\/p>\n<p>Schlo\u00dfplatz 1<br \/>\n37269 Eschwege<br \/>\nMo. &#8211; Do. 8.00 &#8211; 12.00<br \/>\nFr. 8.00 &#8211; 11.00<\/p>\n<\/div>\n<\/div>\n<\/div>\n<\/div>\n<div class=\"row-fluid\">\n<div class=\"span12\">\n<div class=\"articlelist_item \">\n<div class=\"texteditor\">\n<p><strong>Gesundheitsamt Offenbach am Main<\/strong><\/p>\n<p>Berliner Str. 60<br \/>\n63067 Offenbach am Main<br \/>\nMo. &#8211; Do. 8.00 &#8211; 12.00<br \/>\nMi. &#8211; 14.00 &#8211; 17.00<br \/>\nFr. 8.00 &#8211; 12.00<\/p>\n<\/div>\n<\/div>\n<\/div>\n<\/div>\n<div class=\"row-fluid\">\n<div class=\"span12\">\n<div class=\"articlelist_item \">\n<div class=\"texteditor\">\n<p><strong>Gesundheitsamt Friedberg<\/strong><\/p>\n<p>Europaplatz<br \/>\n61169 Friedberg<br \/>\nMo. &#8211; Do. 8.00 &#8211; 12.00<br \/>\nMi. &#8211; 14.00 &#8211; 17.00<br \/>\nFr. 8.00 &#8211; 12.00<\/p>\n<\/div>\n<\/div>\n<\/div>\n<\/div>\n<div class=\"row-fluid\">\n<div class=\"span12\">\n<div class=\"articlelist_item \">\n<div class=\"texteditor\">\n<p><strong>Gesundheitsamt Rimbach<\/strong><\/p>\n<p>Rathausstr. 3<br \/>\n64668 Rimbach<br \/>\nMo. &#8211; Do. 8.00 &#8211; 11.45<br \/>\nMi. &#8211; 14.00 &#8211; 17.00<br \/>\nFr. 8.00 &#8211; 12.00<\/p>\n<\/div>\n<\/div>\n<\/div>\n<\/div>\n<div class=\"row-fluid\">\n<div class=\"span12\">\n<div class=\"articlelist_item \">\n<div class=\"texteditor\">\n<p><strong>Gesundheitsamt Fulda<\/strong><\/p>\n<p>Otfrid-von-Wei\u00dfenburg-Str. 3<br \/>\n36043 Fulda<br \/>\nMo. &#8211; Do. 8.00 &#8211; 11.45<br \/>\nMi. &#8211; 14.00 &#8211; 17.00<br \/>\nFr. 8.00 &#8211; 12.00<\/p>\n<\/div>\n<\/div>\n<\/div>\n<\/div>\n<div class=\"row-fluid\">\n<div class=\"span12\">\n<div class=\"articlelist_item \">\n<div class=\"texteditor\">\n<p><strong>Gesundheitsamt Werra-Mei\u00dfner-Kreis<\/strong><\/p>\n<p>Nordbahnhofsweg 1<br \/>\n37215 Witzenhausen<br \/>\nMo. &#8211; Fr. 8.00 &#8211; 12.00<\/p>\n<\/div>\n<\/div>\n<\/div>\n<\/div>\n<div class=\"row-fluid\">\n<div class=\"span12\">\n<div class=\"articlelist_item \">\n<div class=\"texteditor\">\n<p><strong>Gesundheitsamt Gie\u00dfen<\/strong><\/p>\n<p>Ostanlage 45<br \/>\n35390 Gie\u00dfen<br \/>\nMo. &#8211; Fr. 8.00 &#8211; 12.00<\/p>\n<\/div>\n<\/div>\n<\/div>\n<\/div>\n<p><strong>Gesundheitsamt Wetzlar<\/strong><\/p>\n<p>Philosophenweg 11<br \/>\n35578 Wetzlar<br \/>\nMo. &#8211; Do. 8.00 &#8211; 12.00<br \/>\nFr. 8.00 &#8211; 11.00<\/p>\n<p style=\"text-align: justify;\"><span style=\"color: #800000;\"><b>Rheingau &#8211; Taunus \/ Wiesbaden \/ Mainz \/ Bingen \/ R\u00fcdesheim \/ Oestrich Winkel \/ Ingelheim \/ Geisenheim und Umgebung<\/b><\/span><\/p>\n","protected":false},"excerpt":{"rendered":"<p>Ausbildungs- &amp; Pr\u00fcfungstraining Heilpraktiker-\/in Psychotherapie Kursleitung: Anke Lassahn, Heilpraktikerin Psychotherapie (HeilPG), Systemtherapeutin, Coach, Dozentin, Psychologische Beraterin, Gespr\u00e4chstherapeutin Kurs Ausbildung: Inkl. ausf\u00fchrlicher Kursunterlagen (Lernskript), gezielte Vorbereitung auf die schriftliche und m\u00fcndliche Pr\u00fcfung Heilpraktiker f\u00fcr Psychotherapie. Die Differentialdiagnostik, die den Bereich des Heilpraktikers von den \u00e4rztlichen Psychologen abtrennt, wird explizit unterrichtet, ebenso wie die einzelnen Therapieformen. Unterrichtszeiten: [&hellip;]<\/p>\n","protected":false},"author":2,"featured_media":0,"parent":0,"menu_order":0,"comment_status":"open","ping_status":"open","template":"page-templates\/front-page.php","meta":{"_bbp_topic_count":0,"_bbp_reply_count":0,"_bbp_total_topic_count":0,"_bbp_total_reply_count":0,"_bbp_voice_count":0,"_bbp_anonymous_reply_count":0,"_bbp_topic_count_hidden":0,"_bbp_reply_count_hidden":0,"_bbp_forum_subforum_count":0},"_links":{"self":[{"href":"http:\/\/psychotherapie-rheingau.com\/index.php?rest_route=\/wp\/v2\/pages\/43"}],"collection":[{"href":"http:\/\/psychotherapie-rheingau.com\/index.php?rest_route=\/wp\/v2\/pages"}],"about":[{"href":"http:\/\/psychotherapie-rheingau.com\/index.php?rest_route=\/wp\/v2\/types\/page"}],"author":[{"embeddable":true,"href":"http:\/\/psychotherapie-rheingau.com\/index.php?rest_route=\/wp\/v2\/users\/2"}],"replies":[{"embeddable":true,"href":"http:\/\/psychotherapie-rheingau.com\/index.php?rest_route=%2Fwp%2Fv2%2Fcomments&post=43"}],"version-history":[{"count":272,"href":"http:\/\/psychotherapie-rheingau.com\/index.php?rest_route=\/wp\/v2\/pages\/43\/revisions"}],"predecessor-version":[{"id":1640,"href":"http:\/\/psychotherapie-rheingau.com\/index.php?rest_route=\/wp\/v2\/pages\/43\/revisions\/1640"}],"wp:attachment":[{"href":"http:\/\/psychotherapie-rheingau.com\/index.php?rest_route=%2Fwp%2Fv2%2Fmedia&parent=43"}],"curies":[{"name":"wp","href":"https:\/\/api.w.org\/{rel}","templated":true}]}}